{"id":18127,"date":"2025-09-04T23:19:26","date_gmt":"2025-09-04T21:19:26","guid":{"rendered":"https:\/\/www.tuvalubarcelona.es\/book\/"},"modified":"2026-03-10T13:28:53","modified_gmt":"2026-03-10T11:28:53","slug":"book","status":"publish","type":"page","link":"https:\/\/www.tuvalubarcelona.es\/de\/book\/","title":{"rendered":"Book"},"content":{"rendered":"<p><div class=\"fusion-fullwidth fullwidth-box fusion-builder-row-1 fusion-flex-container has-pattern-background has-mask-background nonhundred-percent-fullwidth non-hundred-percent-height-scrolling\" style=\"--awb-border-radius-top-left:0px;--awb-border-radius-top-right:0px;--awb-border-radius-bottom-right:0px;--awb-border-radius-bottom-left:0px;--awb-padding-top:47px;--awb-padding-top-medium:47px;--awb-margin-top:116px;--awb-margin-top-small:62px;--awb-background-color:#ece4da;--awb-flex-wrap:wrap;\" ><div class=\"fusion-builder-row fusion-row fusion-flex-align-items-flex-start fusion-flex-content-wrap\" style=\"max-width:1248px;margin-left: calc(-4% \/ 2 );margin-right: calc(-4% \/ 2 );\"><div class=\"fusion-layout-column fusion_builder_column fusion-builder-column-0 fusion_builder_column_1_1 1_1 fusion-flex-column\" style=\"--awb-padding-bottom:8px;--awb-bg-size:cover;--awb-width-large:100%;--awb-margin-top-large:0px;--awb-spacing-right-large:1.92%;--awb-margin-bottom-large:0px;--awb-spacing-left-large:1.92%;--awb-width-medium:100%;--awb-order-medium:0;--awb-spacing-right-medium:1.92%;--awb-spacing-left-medium:1.92%;--awb-width-small:100%;--awb-order-small:0;--awb-spacing-right-small:1.92%;--awb-spacing-left-small:1.92%;\"><div class=\"fusion-column-wrapper fusion-column-has-shadow fusion-flex-justify-content-flex-start fusion-content-layout-column\"><div class=\"fusion-title title fusion-title-1 fusion-sep-none fusion-title-center fusion-title-text fusion-title-size-one\" style=\"--awb-font-size:30px;\"><h1 class=\"fusion-title-heading title-heading-center fusion-responsive-typography-calculated\" style=\"font-family:&quot;Open Sans&quot;;font-style:normal;font-weight:700;margin:0;font-size:1em;--fontSize:30;line-height:1.4;\">El libro de la vuelta al mundo del Tuvalu<\/h1><\/div><div class=\"fusion-text fusion-text-1\" style=\"--awb-content-alignment:center;--awb-font-size:17px;--awb-line-height:1.6;--awb-text-font-family:&quot;Open Sans&quot;;--awb-text-font-style:normal;--awb-text-font-weight:400;\"><p>Disponible a partir del 17 de septiembre de 2025 en todas las librer\u00edas de Espa\u00f1a.<br \/>\nPublicado por Elba Editorial. ISBN: 979-13-990134-0-5. P\u00e1ginas: 408. PVP: 23 \u20ac.<\/p>\n<\/div><\/div><\/div><div class=\"fusion-layout-column fusion_builder_column fusion-builder-column-1 fusion_builder_column_1_1 1_1 fusion-flex-column\" style=\"--awb-bg-size:cover;--awb-width-large:100%;--awb-margin-top-large:0px;--awb-spacing-right-large:1.92%;--awb-margin-bottom-large:0px;--awb-spacing-left-large:1.92%;--awb-width-medium:100%;--awb-order-medium:0;--awb-spacing-right-medium:1.92%;--awb-spacing-left-medium:1.92%;--awb-width-small:100%;--awb-order-small:0;--awb-spacing-right-small:1.92%;--awb-spacing-left-small:1.92%;\"><div class=\"fusion-column-wrapper fusion-column-has-shadow fusion-flex-justify-content-flex-start fusion-content-layout-column\"><div class=\"fusion-image-element \" style=\"--awb-caption-title-font-family:var(--h2_typography-font-family);--awb-caption-title-font-weight:var(--h2_typography-font-weight);--awb-caption-title-font-style:var(--h2_typography-font-style);--awb-caption-title-size:var(--h2_typography-font-size);--awb-caption-title-transform:var(--h2_typography-text-transform);--awb-caption-title-line-height:var(--h2_typography-line-height);--awb-caption-title-letter-spacing:var(--h2_typography-letter-spacing);\"><span class=\" fusion-imageframe imageframe-none imageframe-1 hover-type-none\"><img decoding=\"async\" width=\"2200\" height=\"1251\" title=\"Tuvalu_Grupo\" src=\"https:\/\/www.tuvalubarcelona.es\/wp-content\/uploads\/2025\/09\/Tuvalu_Grupo.jpg\" alt class=\"img-responsive wp-image-18103\" srcset=\"https:\/\/www.tuvalubarcelona.es\/wp-content\/uploads\/2025\/09\/Tuvalu_Grupo-200x114.jpg 200w, https:\/\/www.tuvalubarcelona.es\/wp-content\/uploads\/2025\/09\/Tuvalu_Grupo-400x227.jpg 400w, https:\/\/www.tuvalubarcelona.es\/wp-content\/uploads\/2025\/09\/Tuvalu_Grupo-600x341.jpg 600w, https:\/\/www.tuvalubarcelona.es\/wp-content\/uploads\/2025\/09\/Tuvalu_Grupo-800x455.jpg 800w, https:\/\/www.tuvalubarcelona.es\/wp-content\/uploads\/2025\/09\/Tuvalu_Grupo-1200x682.jpg 1200w, https:\/\/www.tuvalubarcelona.es\/wp-content\/uploads\/2025\/09\/Tuvalu_Grupo.jpg 2200w\" sizes=\"(max-width: 640px) 100vw, 1200px\" \/><\/span><\/div><\/div><\/div><\/div><\/div><div class=\"fusion-fullwidth fullwidth-box fusion-builder-row-2 fusion-flex-container has-pattern-background has-mask-background nonhundred-percent-fullwidth non-hundred-percent-height-scrolling\" style=\"--awb-border-radius-top-left:0px;--awb-border-radius-top-right:0px;--awb-border-radius-bottom-right:0px;--awb-border-radius-bottom-left:0px;--awb-padding-top:40px;--awb-margin-top:0px;--awb-background-color:#ece4da;--awb-flex-wrap:wrap;\" ><div class=\"fusion-builder-row fusion-row fusion-flex-align-items-flex-start fusion-flex-content-wrap\" style=\"max-width:1248px;margin-left: calc(-4% \/ 2 );margin-right: calc(-4% \/ 2 );\"><div class=\"fusion-layout-column fusion_builder_column fusion-builder-column-2 fusion_builder_column_1_1 1_1 fusion-flex-column\" style=\"--awb-bg-size:cover;--awb-width-large:100%;--awb-margin-top-large:0px;--awb-spacing-right-large:1.92%;--awb-margin-bottom-large:0px;--awb-spacing-left-large:1.92%;--awb-width-medium:100%;--awb-order-medium:0;--awb-spacing-right-medium:1.92%;--awb-spacing-left-medium:1.92%;--awb-width-small:100%;--awb-order-small:0;--awb-spacing-right-small:1.92%;--awb-spacing-left-small:1.92%;\"><div class=\"fusion-column-wrapper fusion-column-has-shadow fusion-flex-justify-content-flex-start fusion-content-layout-column\">\n<div class=\"fusion-slider-revolution rev_slider_wrapper\">\t\t\t<!-- START bookslider REVOLUTION SLIDER 6.7.29 --><p class=\"rs-p-wp-fix\"><\/p>\n\t\t\t<rs-module-wrap id=\"rev_slider_16_1_wrapper\" data-source=\"gallery\" style=\"visibility:hidden;background:transparent;padding:0;margin:0px auto;margin-top:0;margin-bottom:0;\">\n\t\t\t\t<rs-module id=\"rev_slider_16_1\" style=\"\" data-version=\"6.7.29\">\n\t\t\t\t\t<rs-slides style=\"overflow: hidden; position: absolute;\">\n\t\t\t\t\t\t<rs-slide style=\"position: absolute;\" data-key=\"rs-22\" data-title=\"Slide\" data-thumb=\"\/\/www.tuvalubarcelona.es\/wp-content\/uploads\/2025\/09\/Slide4_Tuvalu_Portada_Cenital_Horizontal-50x100.jpg\" data-anim=\"ms:1500ms;\" data-in=\"o:0;\" data-out=\"a:false;\" data-d3=\"f:turn;su:true;\">\n\t\t\t\t\t\t\t<img decoding=\"async\" src=\"\/\/www.tuvalubarcelona.es\/wp-content\/plugins\/revslider\/sr6\/assets\/assets\/dummy.png\" alt=\"\" title=\"Book\" class=\"rev-slidebg tp-rs-img rs-lazyload\" data-lazyload=\"\/\/www.tuvalubarcelona.es\/wp-content\/uploads\/2025\/09\/Slide4_Tuvalu_Portada_Cenital_Horizontal.jpg\" data-no-retina>\n<!---->\t\t\t\t\t<\/rs-slide>\n\t\t\t\t\t\t<rs-slide style=\"position: absolute;\" data-key=\"rs-23\" data-title=\"Slide\" data-thumb=\"\/\/www.tuvalubarcelona.es\/wp-content\/uploads\/2025\/09\/Slide3_Tuvalu_Interior_1-50x100.jpg\" data-anim=\"ms:1500ms;\" data-in=\"o:0;\" data-out=\"a:false;\" data-d3=\"f:turn;su:true;\">\n\t\t\t\t\t\t\t<img decoding=\"async\" src=\"\/\/www.tuvalubarcelona.es\/wp-content\/plugins\/revslider\/sr6\/assets\/assets\/dummy.png\" alt=\"\" title=\"Book\" class=\"rev-slidebg tp-rs-img rs-lazyload\" data-lazyload=\"\/\/www.tuvalubarcelona.es\/wp-content\/uploads\/2025\/09\/Slide3_Tuvalu_Interior_1.jpg\" data-no-retina>\n<!---->\t\t\t\t\t<\/rs-slide>\n\t\t\t\t\t\t<rs-slide style=\"position: absolute;\" data-key=\"rs-24\" data-title=\"Slide\" data-thumb=\"\/\/www.tuvalubarcelona.es\/wp-content\/uploads\/2025\/09\/Slide2_-Tuvalu_Interior_3-1-50x100.jpg\" data-anim=\"ms:1500ms;\" data-in=\"o:0;\" data-out=\"a:false;\" data-d3=\"f:turn;su:true;\">\n\t\t\t\t\t\t\t<img decoding=\"async\" src=\"\/\/www.tuvalubarcelona.es\/wp-content\/plugins\/revslider\/sr6\/assets\/assets\/dummy.png\" alt=\"\" title=\"Book\" class=\"rev-slidebg tp-rs-img rs-lazyload\" data-lazyload=\"\/\/www.tuvalubarcelona.es\/wp-content\/uploads\/2025\/09\/Slide2_-Tuvalu_Interior_3-1.jpg\" data-no-retina>\n<!---->\t\t\t\t\t<\/rs-slide>\n\t\t\t\t\t\t<rs-slide style=\"position: absolute;\" data-key=\"rs-25\" data-title=\"Slide\" data-thumb=\"\/\/www.tuvalubarcelona.es\/wp-content\/uploads\/2025\/09\/Slide1_Tuvalu_Interior_2-50x100.jpg\" data-anim=\"ms:1500ms;\" data-in=\"o:0;\" data-out=\"a:false;\" data-d3=\"f:turn;su:true;\">\n\t\t\t\t\t\t\t<img decoding=\"async\" src=\"\/\/www.tuvalubarcelona.es\/wp-content\/plugins\/revslider\/sr6\/assets\/assets\/dummy.png\" alt=\"\" title=\"Book\" class=\"rev-slidebg tp-rs-img rs-lazyload\" data-lazyload=\"\/\/www.tuvalubarcelona.es\/wp-content\/uploads\/2025\/09\/Slide1_Tuvalu_Interior_2.jpg\" data-no-retina>\n<!---->\t\t\t\t\t<\/rs-slide>\n\t\t\t\t\t\t<rs-slide style=\"position: absolute;\" data-key=\"rs-26\" data-title=\"Slide\" data-thumb=\"\/\/www.tuvalubarcelona.es\/wp-content\/uploads\/2025\/09\/Slide5_Tuvalu_Contraportada_Cenital_Horizontal-50x100.jpg\" data-anim=\"ms:1500ms;\" data-in=\"o:0;\" data-out=\"a:false;\" data-d3=\"f:turn;su:true;\">\n\t\t\t\t\t\t\t<img decoding=\"async\" src=\"\/\/www.tuvalubarcelona.es\/wp-content\/plugins\/revslider\/sr6\/assets\/assets\/dummy.png\" alt=\"\" title=\"Book\" class=\"rev-slidebg tp-rs-img rs-lazyload\" data-lazyload=\"\/\/www.tuvalubarcelona.es\/wp-content\/uploads\/2025\/09\/Slide5_Tuvalu_Contraportada_Cenital_Horizontal.jpg\" data-no-retina>\n<!---->\t\t\t\t\t<\/rs-slide>\n\t\t\t\t\t<\/rs-slides>\n\t\t\t\t<\/rs-module>\n\t\t\t\t<script>\n\t\t\t\t\tsetREVStartSize({c: 'rev_slider_16_1',rl:[1240,1240,1240,480],el:[900,900,900,348],gw:[1240,1240,1240,480],gh:[900,900,900,450],type:'standard',justify:'',layout:'fullwidth',mh:\"0\"});if (window.RS_MODULES!==undefined && window.RS_MODULES.modules!==undefined && window.RS_MODULES.modules[\"revslider161\"]!==undefined) {window.RS_MODULES.modules[\"revslider161\"].once = false;window.revapi16 = undefined;if (window.RS_MODULES.checkMinimal!==undefined) window.RS_MODULES.checkMinimal()}\n\t\t\t\t<\/script>\n\t\t\t<\/rs-module-wrap>\n\t\t\t<!-- END REVOLUTION SLIDER -->\n<\/div><\/div><\/div><\/div><\/div><div class=\"fusion-fullwidth fullwidth-box fusion-builder-row-3 fusion-flex-container has-pattern-background has-mask-background nonhundred-percent-fullwidth non-hundred-percent-height-scrolling\" style=\"--awb-border-radius-top-left:0px;--awb-border-radius-top-right:0px;--awb-border-radius-bottom-right:0px;--awb-border-radius-bottom-left:0px;--awb-padding-top:40px;--awb-padding-bottom:0px;--awb-margin-top:0px;--awb-background-color:#ece4da;--awb-flex-wrap:wrap;\" ><div class=\"fusion-builder-row fusion-row fusion-flex-align-items-flex-start fusion-flex-justify-content-center fusion-flex-content-wrap\" style=\"max-width:1248px;margin-left: calc(-4% \/ 2 );margin-right: calc(-4% \/ 2 );\"><div class=\"fusion-layout-column fusion_builder_column fusion-builder-column-3 fusion_builder_column_1_1 1_1 fusion-flex-column\" style=\"--awb-padding-bottom:50px;--awb-bg-size:cover;--awb-width-large:100%;--awb-margin-top-large:0px;--awb-spacing-right-large:1.92%;--awb-margin-bottom-large:0px;--awb-spacing-left-large:1.92%;--awb-width-medium:100%;--awb-order-medium:0;--awb-spacing-right-medium:1.92%;--awb-spacing-left-medium:1.92%;--awb-width-small:100%;--awb-order-small:0;--awb-spacing-right-small:1.92%;--awb-spacing-left-small:1.92%;\"><div class=\"fusion-column-wrapper fusion-column-has-shadow fusion-flex-justify-content-flex-start fusion-content-layout-column\"><div class=\"fusion-text fusion-text-2\" style=\"--awb-font-size:18px;--awb-line-height:1.5;--awb-text-color:#5b5b5b;--awb-text-font-family:&quot;Open Sans&quot;;--awb-text-font-style:normal;--awb-text-font-weight:400;\"><p>\u00abAlgo dif\u00edcil de explicar nos une a todos aquellos que nos sentimos atra\u00eddos por los oc\u00e9anos y nos lanzamos a navegarlos. La b\u00fasqueda de sensaciones intensas, desconectar del mundo hiperconectado y conectarse con la naturaleza para acabar conect\u00e1ndose con su propia esencia.<br \/>\n\u00bbSon muchos los navegantes que anhelan soltar amarras un d\u00eda y perderse en el mar durante a\u00f1os. Muy pocos los que lo hacen. Las circunstancias de cada uno cuentan, pero, sobre todo, el que da el paso es porque lo ha convertido en la prioridad de su vida. Cuando esto sucede, es muy posible que acabe encontrando la manera de llevarlo a cabo, o por lo menos de intentarlo, y con ello quedar en paz con su alma. As\u00ed lo hicieron Imma y Hans.<br \/>\nTuvalu es una historia que parece sacada de un libro cl\u00e1sico de aventuras. Nos descubre c\u00f3mo, todav\u00eda hoy, en pleno siglo XXI, es posible llegar a lugares remotos, islas de una belleza extraordinaria, navegando en tu propio velero y estableciendo contacto con sus gentes. Lugares donde la arrolladora civilizaci\u00f3n apenas ha metido su zarpa y que conservan una virginidad que nos obliga a revisar seriamente el verdadero significado del concepto \u00abprogreso\u00bb.<\/p>\n<p style=\"text-align: right;\"><em>Del pr\u00f3logo de David Ruiz, autor de \u00abirse.\u00bb<\/em><\/p>\n<\/div><\/div><\/div><div class=\"fusion-layout-column fusion_builder_column fusion-builder-column-4 fusion_builder_column_1_3 1_3 fusion-flex-column\" style=\"--awb-padding-bottom-small:27px;--awb-bg-size:cover;--awb-width-large:33.333333333333%;--awb-margin-top-large:0px;--awb-spacing-right-large:5.76%;--awb-margin-bottom-large:0px;--awb-spacing-left-large:5.76%;--awb-width-medium:40%;--awb-order-medium:0;--awb-spacing-right-medium:4.8%;--awb-spacing-left-medium:4.8%;--awb-width-small:100%;--awb-order-small:0;--awb-spacing-right-small:1.92%;--awb-spacing-left-small:1.92%;\"><div class=\"fusion-column-wrapper fusion-column-has-shadow fusion-flex-justify-content-flex-start fusion-content-layout-column\"><div style=\"text-align:center;\"><a class=\"fusion-button button-flat fusion-button-default-size button-custom fusion-button-default button-1 fusion-button-span-yes fusion-button-default-type fusion-has-button-gradient\" style=\"--button_accent_color:#ffffff;--button_accent_hover_color:#ffffff;--button_border_hover_color:var(--awb-color1);--button-border-radius-top-left:15px;--button-border-radius-top-right:15px;--button-border-radius-bottom-right:15px;--button-border-radius-bottom-left:15px;--button_gradient_top_color:var(--awb-color8);--button_gradient_bottom_color:#080a0a;--button_gradient_top_color_hover:var(--awb-color8);--button_gradient_bottom_color_hover:#080a0a;--button_line_height:1.3;\" target=\"_self\" data-hover=\"text_slide_up\" href=\"https:\/\/www.nollegiu.com\/cat\/libro\/tuvalu_109513\"><i class=\"fe-feathershopping-bag awb-button__icon awb-button__icon--default button-icon-left\" aria-hidden=\"true\"><\/i><div class=\"awb-button-text-transition \"><span class=\"fusion-button-text awb-button__text awb-button__text--default\">Comprar en Nollegiu<\/span><span class=\"fusion-button-text awb-button__text awb-button__text--default\">Comprar en Nollegiu<\/span><\/div><\/a><\/div><\/div><\/div><div class=\"fusion-layout-column fusion_builder_column fusion-builder-column-5 fusion_builder_column_1_3 1_3 fusion-flex-column\" style=\"--awb-bg-size:cover;--awb-width-large:33.333333333333%;--awb-margin-top-large:0px;--awb-spacing-right-large:5.76%;--awb-margin-bottom-large:0px;--awb-spacing-left-large:5.76%;--awb-width-medium:40%;--awb-order-medium:0;--awb-spacing-right-medium:4.8%;--awb-spacing-left-medium:4.8%;--awb-width-small:100%;--awb-order-small:0;--awb-spacing-right-small:1.92%;--awb-spacing-left-small:1.92%;\"><div class=\"fusion-column-wrapper fusion-column-has-shadow fusion-flex-justify-content-flex-start fusion-content-layout-column\"><div style=\"text-align:center;\"><a class=\"fusion-button button-flat fusion-button-default-size button-custom fusion-button-default button-2 fusion-button-span-yes fusion-button-default-type fusion-has-button-gradient\" style=\"--button_accent_color:#ffffff;--button_accent_hover_color:#ffffff;--button_border_hover_color:var(--awb-color1);--button-border-radius-top-left:15px;--button-border-radius-top-right:15px;--button-border-radius-bottom-right:15px;--button-border-radius-bottom-left:15px;--button_gradient_top_color:var(--awb-color8);--button_gradient_bottom_color:#080a0a;--button_gradient_top_color_hover:var(--awb-color8);--button_gradient_bottom_color_hover:#080a0a;--button_line_height:1.3;\" target=\"_self\" data-hover=\"text_slide_up\" href=\"https:\/\/www.amazon.es\/Tuvalu-Elba-Hans-Geilinger\/dp\/B0FM8F2G5T\/ref=sr_1_3?crid=1AWGQ6ZUOQMYF&amp;dib=eyJ2IjoiMSJ9.TVI2Q_GTfsbmdrYGo5GzWOLZlwSUrYGkffo93yVnCTJctlcOPrKzOsk-qhiDI5hqz5jZnDLvX9LgUeqsm6YW2nyovto1k12smI16BeFLOYOchi1U8yhywqCT5Jg3tS_n0Fi7TEdYK4fJJtbcaRL1Jwdoy5Oh-Hca-adxF1WjaXTWJWn03Qhpnxuc4EVB1VxJWNfIHOUmNk3jNVxMc-aLLhFDxV7_bfr2oVoO506fwhowOd2r_KleYH-_Bx-MvwTD_rtHffQVAOe5DSKKmG_VMT8e-ncv-mvrXmBHa-mPJb8.yK9qEoiTNB1gh1PdspPTUuR9mDg_H7hH8BUa1oGyF5M&amp;dib_tag=se&amp;keywords=tuvalu+libro&amp;qid=1758204960&amp;sprefix=tuvalu%2Caps%2C109&amp;sr=8-3\"><i class=\"fe-feathershopping-cart awb-button__icon awb-button__icon--default button-icon-left\" aria-hidden=\"true\"><\/i><div class=\"awb-button-text-transition \"><span class=\"fusion-button-text awb-button__text awb-button__text--default\">Comprar en Amazon<\/span><span class=\"fusion-button-text awb-button__text awb-button__text--default\">Comprar en Amazon<\/span><\/div><\/a><\/div><\/div><\/div><div class=\"fusion-layout-column fusion_builder_column fusion-builder-column-6 fusion_builder_column_1_1 1_1 fusion-flex-column\" style=\"--awb-padding-top:49px;--awb-bg-size:cover;--awb-width-large:100%;--awb-margin-top-large:33px;--awb-spacing-right-large:1.92%;--awb-margin-bottom-large:0px;--awb-spacing-left-large:1.92%;--awb-width-medium:100%;--awb-order-medium:0;--awb-spacing-right-medium:1.92%;--awb-spacing-left-medium:1.92%;--awb-width-small:100%;--awb-order-small:0;--awb-spacing-right-small:1.92%;--awb-spacing-left-small:1.92%;\"><div class=\"fusion-column-wrapper fusion-column-has-shadow fusion-flex-justify-content-flex-start fusion-content-layout-column\"><div class=\"fusion-video fusion-youtube\" style=\"--awb-max-width:1000px;--awb-max-height:563px;--awb-align-self:center;--awb-width:100%;\"><div class=\"video-shortcode\"><div class=\"fluid-width-video-wrapper\" style=\"padding-top:56.3%;\" ><iframe title=\"YouTube video player 1\" src=\"https:\/\/www.youtube.com\/embed\/HGotlNwUc9s?wmode=transparent&autoplay=0\" width=\"1000\" height=\"563\" allowfullscreen allow=\"autoplay; clipboard-write; encrypted-media; gyroscope; picture-in-picture;\"><\/iframe><\/div><\/div><\/div><\/div><\/div><div class=\"fusion-layout-column fusion_builder_column fusion-builder-column-7 fusion_builder_column_1_1 1_1 fusion-flex-column\" style=\"--awb-padding-top:54px;--awb-padding-bottom:50px;--awb-bg-size:cover;--awb-width-large:100%;--awb-margin-top-large:0px;--awb-spacing-right-large:1.92%;--awb-margin-bottom-large:0px;--awb-spacing-left-large:1.92%;--awb-width-medium:100%;--awb-order-medium:0;--awb-spacing-right-medium:1.92%;--awb-spacing-left-medium:1.92%;--awb-width-small:100%;--awb-order-small:0;--awb-spacing-right-small:1.92%;--awb-spacing-left-small:1.92%;\"><div class=\"fusion-column-wrapper fusion-column-has-shadow fusion-flex-justify-content-flex-start fusion-content-layout-column\"><div class=\"fusion-text fusion-text-3\" style=\"--awb-content-alignment:center;--awb-font-size:18px;--awb-line-height:1.5;--awb-text-color:#0f0f0f;--awb-text-font-family:&quot;Open Sans&quot;;--awb-text-font-style:normal;--awb-text-font-weight:400;\"><h5><strong>TUVALU ON TOUR<\/strong><br \/>\nPresentaciones del\u00a0 libro<\/h5>\n<p><strong>Martes, 16. Septiembre 2025, 18:30<\/strong><br \/>\nLibrer\u00eda Nollegiu Poblenou<br \/>\nc\/Pons i Subir\u00e0, 3, 08005 Barcelona<\/p>\n<p><strong>Martes, 23. Septiembre 2025, 19:00<\/strong><br \/>\nLibrer\u00eda N\u00e1utica Robinson<br \/>\nc\/Santo Tom\u00e9, 6. 28004 Madrid<\/p>\n<p><strong>Viernes, 17. Octubre 2025, 20:00<\/strong><br \/>\nLibrer\u00eda Mapas y Compa\u00f1\u00eda<br \/>\nc\/Compa\u00f1\u00eda, 33. 29008, M\u00e1laga<\/p>\n<p><strong>Viernes, 24. Octubre 2025, 19:00<\/strong><br \/>\nLlibreria Ramon Llull<br \/>\nc\/ de la Corona, 5 (El Carmen) 46003 Val\u00e8ncia<\/p>\n<p><strong>Jueves, 30. Octubre 2025, 19:30<\/strong><br \/>\nReal Club N\u00e1utico Las Palmas de Gran Canarias<br \/>\nLe\u00f3n y Castillo, 308, 35006 Las Palmas de Gran Canaria, Las Palmas<\/p>\n<p><strong>Viernes, 07. Noviembre 2025, 20:00<\/strong><br \/>\nLiceo Mart\u00edma de Bouzas, Vigo<br \/>\nR\u00faa de Eduardo Cabello, 8, 36208 Vigo, Pontevedra<\/p>\n<p><strong>Viernes, 14. Noviembre 2025, 19:00<\/strong><br \/>\nReial Club N\u00e0utic de Tarragona<br \/>\nPort Esportiu, S N, 43004 Tarragona<\/p>\n<p><strong>Mi\u00e9rcoles, 26. Noviembre 2025, 19:30<\/strong><br \/>\nLibrer\u00eda La Biblioteca de Babel, Palma de Mallorca<br \/>\nCarrer Arab\u00ed, 3, 07003 Palma de Mallorca, Illes Balears<\/p>\n<p><strong>S\u00e1bado, 13.Diciembree 2025<\/strong><br \/>\nReal Club Mar\u00edtimo de Barcelona (dentro del Festival de literatura mar\u00edtima)<br \/>\nPasseig d\u00b4\u00cdtaca, 3, 08039 Barcelona<\/p>\n<p><strong>Miercoles, 18.Diciembree 2025<\/strong><br \/>\nAmphos 21 Consulting, Barcelona<br \/>\nActo privado empresarial<\/p>\n<p><strong>Miercoles, 14. Enero 2025<\/strong><br \/>\nAssociacion Gironna d\u00c1mics de la mar<br \/>\nCasa de Cultura Girona<br \/>\nPl. de l'Hospital, 6, 17002 Girona<\/p>\n<p><strong>Mi\u00e9rcoles, 28. Enero 2026, 20:00<\/strong><br \/>\nAsociaci\u00f3n Vasca de Capitanes, Patrones y Navegantes<br \/>\nEdificio Salvamento, 1-1\u00ba derecha, 48992 Algorta, Bilbao<\/p>\n<p><strong>Jueves, 29. Enero 2026, 19:00<\/strong><br \/>\nLibrer\u00eda Gil<br \/>\nC. Hern\u00e1n Cort\u00e9s, 23, 39003 Santander, Cantabria<\/p>\n<p><strong>Viernes, 30. Enero 2026, 19:00<\/strong><br \/>\nMuseo Mar\u00edtimo de Asturias<br \/>\nCalle Gij\u00f3n, 6, 33440 Luanco, Asturias<\/p>\n<p><strong>Viernes, 20. Febrero 2026, 19:00<\/strong><br \/>\nAsociaci\u00f3n Diapoteca Espa\u00f1ola<br \/>\nEspacio Pozas de Cruz Roja, sala roja, c\/Pozas, 14, \u00a028004 Madrid<\/p>\n<p><strong>Viernes, 20. Marzo 2026, 19:00<\/strong><br \/>\nAsociaci\u00f3n Pat\u00ed Catal\u00e0 I Vela Llatina Calafell<br \/>\nEcomuseo de la Mar | Ctra. Sanatori, 3, 43820 Calafell, Tarragona<\/p>\n<p><strong>Mi\u00e9rcoles, <b>01. Abril <\/b><b>2026<\/b><strong>, 19:00<\/strong><br \/>\n<\/strong>Club Mar\u00edtimo de Mah\u00f3n<br \/>\nMoll de Llevant, 287, 07701 Ma\u00f3, Menorca, Illes Balears<\/p>\n<\/div><div class=\"fusion-text fusion-text-4\" style=\"--awb-content-alignment:center;--awb-font-size:18px;--awb-line-height:1.5;--awb-text-color:#0f0f0f;--awb-text-font-family:&quot;Open Sans&quot;;--awb-text-font-style:normal;--awb-text-font-weight:400;\"><p><strong>\u2026<\/strong><\/p>\n<h5><strong>ENTREVISTAS<\/strong><br \/>\nCharlas con el autor sobre su libro y sus experiencias en el mar<\/h5>\n<p><strong>Ariadna Puig i Ninou | 04.09.25<\/strong><br \/>\nInstagram:<a href=\"https:\/\/www.instagram.com\/reel\/DOLgpI1DE92\/?igsh=cWY5bWV2cDdld3U4\" target=\"_blank\" rel=\"noopener\"> loshilosdaraiadna<\/a><\/p>\n<p><strong>Pedro Riba | Gran Via Radio | 12.09.25<\/strong><br \/>\nEntrevista: <a href=\"https:\/\/youtu.be\/OrCXWdke4Zk?si=JPGg-19QpTjgE-8I\" target=\"_blank\" rel=\"noopener\">YouTube<\/a><\/p>\n<p><strong>Bea Talegon | 17.09.25<\/strong><br \/>\nInstagram: <a href=\"https:\/\/www.instagram.com\/reel\/DOsyyXkioFL\/?igsh=MWp3aTlpejh3em55aQ==\" target=\"_blank\" rel=\"noopener\">El mar es una aut\u00e9ntica escuela de vida<\/a><\/p>\n<p><strong>RNE | El Mat\u00ed de R\u00e0dio 4 | amb Xavi Freixes | 22.09.25<\/strong><br \/>\nInstagram: <a href=\"https:\/\/www.rtve.es\/play\/audios\/el-mati-de-radio-4\/mati-radio-4-volta-mon-vaixell-del-hans-imma\/16739455\/\" target=\"_blank\" rel=\"noopener\">La volta al m\u00f3n en vaixell del Hans i la Imma<\/a> | Programa entera: <a href=\"https:\/\/www.rtve.es\/play\/audios\/el-mati-de-radio-4\/mati-radio-4-volta-mon-vaixell-del-hans-imma\/16739455\/\" target=\"_blank\" rel=\"noopener\">El mat\u00ed de radio 4<\/a><\/p>\n<p><strong>El Peri\u00f3dico | con Fidel Masreal 25.09.25<\/strong><br \/>\nWeb: <a href=\"https:\/\/amp.elperiodico.com\/es\/ser-feliz\/20250925\/tiempo-lujoso-ferrari-121708253\" target=\"_blank\" rel=\"noopener\">Tener tiempo<\/a> | Encontrar\u00e1s adem\u00e1s la entrevista completa en PDF en el apartado \u00abPublicaciones\u00bb, m\u00e1s abajo.<\/p>\n<p><strong>Radio Cope | La tarde en Cope m\u00e1s M\u00e1laga | Entrevista con Ram\u00f3n Gonz\u00e1lez |\u00a0 | 02.10.25<\/strong><br \/>\nEntrevista completo (audio): <a href=\"https:\/\/www.tuvalubarcelona.es\/wp-content\/uploads\/2025\/10\/Copa-Malaga-06.m4a\" target=\"_blank\" rel=\"noopener\">Web Radio Cope Malaga<\/a>\u00a0 \u00a0Instagram<a href=\"https:\/\/www.instagram.com\/reel\/DPesZl7jERI\/?utm_source=ig_web_button_share_sheet&igsh=MzRlODBiNWFlZA==\" target=\"_blank\" rel=\"noopener\">:<\/a><a href=\"https:\/\/www.instagram.com\/reel\/DPesZl7jERI\/?utm_source=ig_web_button_share_sheet&igsh=MzRlODBiNWFlZA==\" target=\"_blank\" rel=\"noopener\">Entrevista<\/a><\/p>\n<p><strong>La Vanguardia | Secci\u00f3n \u201eRelaciones\"\u00a0 | 14.10.25<br \/>\n<\/strong>parte del articulo:\u00a0<a href=\"https:\/\/www.lavanguardia.com\/vivo\/relaciones\/20251014\/11154492\/rutina-mata-pasion-rituales-cotidianos-alimentar-complicidad-pareja.html\" target=\"_blank\" rel=\"noopener\">Web LV <\/a>Encontrar\u00e1s la entrevista completa en PDF en el apartado \u00abPublicaciones\u00bb, m\u00e1s abajo.<\/p>\n<p><strong>RNE \u2013 Radio Nacional de Espa\u00f1a | Espa\u00f1oles en el mar | 16.10.25<\/strong><br \/>\nEntrevista RNE Play: <a href=\"https:\/\/www.rtve.es\/play\/audios\/espanoles-en-la-mar\/espanoles-mar-viaje-alrededor-del-mundo-velero-40-pies\/16773834\/\" target=\"_blank\" rel=\"noopener\">\u00a0Un viaje alrededor del mundo en un velero de 40 pies<\/a><\/p>\n<p><strong>Canal Sur Radio | La ma\u00f1ana de Andaluc\u00eda con Juan Carlos V\u00e9lez y Jes\u00fas Vigorran \u00a0| 17.10.25<\/strong><br \/>\nEntrevista completo (audio): <a href=\"https:\/\/www.tuvalubarcelona.es\/wp-content\/uploads\/2025\/10\/CSR_audio.m4a\" target=\"_blank\" rel=\"noopener\">Web Canal Sur radio<\/a>.<\/p>\n<p><strong>Onda Cero Radio | \u00a0La Rosa de los vientos con Silvia Casasola | 17.10.25<\/strong><br \/>\nEntrevista en el radio en directo,\u00a0 Podcast\u00a0 (el momento 2h 50m): <a href=\"https:\/\/open.spotify.com\/episode\/3xbOtpxnkn51Q52BWu2Mfv?si=f22a082bf6c54217\" target=\"_blank\" rel=\"noopener\">La Rosa de los Vientos<\/a><\/p>\n<p><strong>La Vanguardia | La Contra, Entrevista con Inma Sanch\u00eds | 25.10.25<\/strong><br \/>\n<a href=\"https:\/\/www.lavanguardia.com\/lacontra\/20251025\/11195263\/hans-geilinger-vida-empieza-sueltas-miedo.html\" target=\"_blank\" rel=\"noopener\">Web espa\u00f1ol<\/a> \u00a0| Encontrar\u00e1s la entrevista completa (en catal\u00e1n y castellano) en PDF en el apartado \u00abPublicaciones\u00bb, m\u00e1s abajo.<\/p>\n<p><strong>Faro de Vigo\u00a0 | 26.10.25<\/strong><br \/>\nEncontrar\u00e1s la entrevista completa en PDF en el apartado \u00abPublicaciones\u00bb, m\u00e1s abajo.<\/p>\n<p><strong>The New Barcelona Post | Entrevista con Elena Busquets | 25.10.25<\/strong><br \/>\n<a href=\"https:\/\/www.thenewbarcelonapost.com\/riqueza-poseer-tiempo-velero-hans-geilinger\/\" target=\"_blank\" rel=\"noopener\">Web espa\u00f1ol<\/a> \u00a0<a href=\"https:\/\/www.thenewbarcelonapost.cat\/riquesa-posseir-temps-hans-geilinger-veler\/\" target=\"_blank\" rel=\"noopener\">Web catal\u00e1n<\/a> | Encontrar\u00e1s la entrevista completa en PDF en el apartado \u00abPublicaciones\u00bb, m\u00e1s abajo.<\/p>\n<p><strong>La R\u00e0dio Catalana de la Cultura i l'Esport RCE 106.9FM | Finestres, Picos I Pir\u00e0mides con Abel Segura y Patricia Barrio | 03.11.25<\/strong><br \/>\nEntrevista\u00a0 en directo, pero tambi\u00e9n como <a href=\"https:\/\/go.ivoox.com\/rf\/161772456?utm_source=embed_podcast_new&utm_medium=share&utm_campaign=new_embeds\" target=\"_blank\" rel=\"noopener\">Podcast<\/a> y <a href=\"https:\/\/www.youtube.com\/live\/pWqImvXYfMQ?si=dcVcer0RBer77Nyn\" target=\"_blank\" rel=\"noopener\">YouTube<\/a>.<\/p>\n<p><strong>Radio Tarragona | Llops de Mar | 03.11.25<\/strong><br \/>\nEntrevista en directo y como podcast: <a href=\"https:\/\/open.spotify.com\/episode\/1KtIZ4PgjBmJPhR87bHcGG?si=a49f01a3f0ca4180\" target=\"_blank\" rel=\"noopener\">Podcast Spotify<\/a><\/p>\n<p><strong>Radio Onda Cero Catalunya | Nits de R\u00e0dio con\u00a0David Cevero | <\/strong>03.11.25<br \/>\nEntrevista\u00a0 en directo y como podcast: <a href=\"https:\/\/youtu.be\/iIwarkfSNOs?si=vljpSyiHZbRpTRN8\" target=\"_blank\" rel=\"noopener\">Video-Podcast Youtube<\/a><\/p>\n<p><strong>El Parcial | Rese\u00f1a | 17.11.25<br \/>\n<\/strong>Encontrar\u00e1s la entrevista completa en PDF en el apartado \u00abPublicaciones\u00bb, m\u00e1s abajo.<strong><br \/>\n<\/strong><\/p>\n<p><strong>Diario de Mallorca | Entrevista con Aina Segura | 17.11.25<br \/>\n<\/strong><a href=\"https:\/\/www.diariodemallorca.es\/deportes\/2025\/11\/27\/hans-geilinger-dar-vuelta-mundo-124162130.html\" target=\"_blank\" rel=\"noopener\">Web Diario de Mallorca<\/a> | Encontrar\u00e1s la entrevista completa en PDF en el apartado \u00abPublicaciones\u00bb, m\u00e1s abajo.<\/p>\n<p><strong>Radio Martorell RCE 91.2FM | Cap i Cor \u00a0con Mari Carme Rodr\u00edguez<\/strong> | 02.12.25 19:00<br \/>\nEntrevista en\u00a0 directo y como <a href=\"https:\/\/go.ivoox.com\/rf\/161772456?utm_source=embed_podcast_new&utm_medium=share&utm_campaign=new_embeds\" target=\"_blank\" rel=\"noopener\">Podcast<\/a><\/p>\n<p><strong>Radio Ser Mallorca | Hoy por hoy Mallorca con Esther Vicens<\/strong> | 04.12.25 12:00<br \/>\nEntrevista\u00a0 en <a href=\"https:\/\/cadenaser.com\/radio-mallorca\/hoy-por-hoy-mallorca\/\">directo<\/a><\/p>\n<p><strong>A son de Mar | Podcast con Jorge Ur\u00eda | <\/strong>05.12.25<br \/>\nEntrevista <a href=\"https:\/\/open.spotify.com\/episode\/6M88dAZdCkGfvZNfeGM1N8?si=3c2f090a79084a03\" target=\"_blank\" rel=\"noopener\">Podcast Spotify\u00a0<\/a> <a href=\"https:\/\/youtu.be\/CNFyXVORVu0?si=oNH-N9ATBp_qrtvK\" target=\"_blank\" rel=\"noopener\">Video-Podcast Youtube<\/a><\/p>\n<p><strong>Men\u00b4s healt | Entrevista con Roberta Cabezas | <\/strong>27.12.25<br \/>\nEncontrar\u00e1s la entrevista completa en PDF en el apartado \u00abPublicaciones\u00bb, m\u00e1s abajo. O bien en \u00a0<a href=\"https:\/\/www.menshealth.com\/es\/fitness\/a69726592\/aventurero-velero-vuelta-mundo-piratas\/\" target=\"_blank\" rel=\"noopener\">Web Men's Health<\/a> |<\/p>\n<p><strong>Tripulante 18 | Podcast con Jaume Soler| 29.12.25<\/strong><br \/>\nEntrevista:\u00a0 <a href=\"https:\/\/open.spotify.com\/episode\/2ox52RPy99qHXNU1FU54gh?si=e98b6ed08ae34ec9\" target=\"_blank\" rel=\"noopener\">Podcast Spotify <\/a><\/p>\n<p><strong>Integral | Revista mensual | 29.12.25<\/strong><br \/>\nEncontrar\u00e1s la entrevista completa en PDF en el apartado \u00abPublicaciones\u00bb, m\u00e1s abajo.<\/p>\n<p><strong>Diari de Girona | La Contra | 14.01.26<\/strong><br \/>\nEntrevista \u00a0<a href=\"https:\/\/www.diaridegirona.cat\/societat\/2026\/01\/14\/molt-millor-navegar-junts-anar-125651773.amp.html\" target=\"_blank\" rel=\"noopener\">web Diari de Girona<\/a><\/p>\n<p><strong>Bet\u00e9ve | programa \u00d2rbita B | Televisi\u00f3n de Barcelona | 14.01.26<\/strong><br \/>\nEntrevista \u00a0<a href=\"https:\/\/beteve.cat\/orbita-b\/orbita-b-amb-laventurer-hans-geilinger-navegant-i-autor-del-llibre-tuvalu\/\" target=\"_blank\" rel=\"noopener\">Web Bet\u00e9ve<\/a><\/p>\n<p><strong>Diari de Girona | peri\u00f3dico | 15.01.26<\/strong><br \/>\nEncontrar\u00e1s la entrevista completa en PDF en el apartado \u00abPublicaciones\u00bb, m\u00e1s abajo.\u00bb o bien <a href=\"https:\/\/www.diaridegirona.cat\/girona\/2026\/01\/13\/hans-geilinger-explica-casa-cultura-125644538.html\" target=\"_blank\" rel=\"noopener\">Web Diari<\/a><\/p>\n<p><strong>Girona TV \u2013 Televisi\u00f3n de Girona | Directo con Maria Pilsa | 15.01.26<\/strong><br \/>\nEntrevista: <a href=\"https:\/\/youtu.be\/S2r-W1eKHt4?si=UxrrQIbNSETfIuGZ\" target=\"_blank\" rel=\"noopener\">YouTube Girona TV<\/a><\/p>\n<p><strong>El Role | Podcast con\u00a0 Nacho G\u00f3mez\u00a0\u00a0| 17.01.26<br \/>\n<\/strong>Entrevista: <a href=\"https:\/\/www.elrole.com\/podcast\/episode\/cdcbe9a1\/240-12-anos-dando-la-vuelta-al-mundo-en-velero-la-increible-historia-del-tuvalu\" target=\"_blank\" rel=\"noopener\">Web El Role<\/a><\/p>\n<p><strong>Radio 3 \u00a0\u2013 Radio RNE | \u201eMediterr\u00e1neo\" | Directo y podcast con Andre Vi\u00f1as i Pol | <\/strong><strong>\u00a018.01.26<\/strong><br \/>\nEntrevista: <a href=\"https:\/\/www.rtve.es\/play\/audios\/mediterraneo\/musica-navegacion-islas-interiores-islas-pueden-desaparecer-18-01-26\/16898727\/\" target=\"_blank\" rel=\"noopener\">RNE Play<\/a><\/p>\n<p><strong>Catalunya Radio \u2013 3Cat | \u201eL'Ofici de Viure\" | Podcast con Gaspard Hern\u00e0ndez | 01.02.26 <\/strong><br \/>\n>Entrevista: <a href=\"https:\/\/open.spotify.com\/episode\/0FVrQDjEzCpRP5jzw10e6G?si=17bCaTsnTmysf_lFmuTtHQ\" target=\"_blank\" rel=\"noopener\">Spotify Podcast<\/a> <a href=\"https:\/\/www.3cat.cat\/3cat\/navegar-com-a-metafora-de-la-vida\/audio\/1268178\/\" target=\"_blank\" rel=\"noopener\">Web 3Cat<\/a><\/p>\n<p style=\"font-weight: 400;\"><strong>Hasta los cojines de sobrevivir <\/strong><strong>\u00a0| Podcast con Manu Ram\u00edrez Torres \u00a0| 25.01.26<br \/>\n<\/strong>Entrevista: <a href=\"https:\/\/youtu.be\/I3AU9BslJjs?si=k1P983JP7QfK-zH5\" target=\"_blank\" rel=\"noopener\">YouTube<\/a><\/p>\n<p><strong>El Faradio <\/strong><strong>\u00a0| Entrevista con Andr\u00e9s G\u00f3mez \u00a0| 28.01.26<br \/>\n<\/strong>Entrevista: <a href=\"https:\/\/www.elfaradio.com\/2026\/01\/28\/hans-geilinger-el-estatus-de-viajero-me-gusta-el-viajero-nunca-quiere-llegar\/\" target=\"_blank\" rel=\"noopener\">El Faradio<\/a><\/p>\n<p><strong>La Voz de Asturias \u00a0| Entrevista con Maria S. Condado \u00a0| 30.01.26<br \/>\n<\/strong>Encontrar\u00e1s la entrevista completa en PDF en el apartado \u00abPublicaciones\u00bb, m\u00e1s abajo.\u00bb o bien <a href=\"https:\/\/www.lavozdeasturias.es\/amp\/noticia\/cultura\/2026\/01\/29\/hans-geilinger-presenta-nuevo-libro-tuvalu-lugar-mar-une-sociedad-asturias\/00031769711171201729685.htm\" target=\"_blank\" rel=\"noopener\">Web Voz de Asturias<\/a><\/p>\n<p><strong>Radio Cope \u00a0Cantabria <\/strong><strong>\u00a0| Entrevista con Borja Garc\u00eda \u00a0| 30.01.26<br \/>\n<\/strong>Entrevista: <a href=\"https:\/\/www.cope.es\/emisoras\/asturias\/asturias-provincia\/aviles\/noticias\/hans-geilinger-arquitecto-aleman-dio-vuelta-mundo-velero-12-anos-supuesto-lujo-coches-pisos-verdadero-lujo-pequenas-islas-20260130_3298131.html\" target=\"_blank\" rel=\"noopener\">Radio Cope Asturias<\/a><\/p>\n<p><strong>Radio SER <\/strong><strong>\u00a0| Hoy por hoy Santander | Entrevista en directo con Luc\u00eda Pomo \u00a0| 29.01.26<br \/>\n<\/strong>Entrevista: <a href=\"https:\/\/www.tuvalubarcelona.es\/wp-content\/uploads\/2026\/02\/Cadena-SER-Santander.mov\" target=\"_blank\" rel=\"noopener\">Cadena SER Santander<\/a><\/p>\n<p><strong>La Vanguardia \u00a0| \u00a0Longevity | Entrevista con Marta Gambin \u00a0| 07.02.26<br \/>\n<\/strong>Encontrar\u00e1s la entrevista completa en PDF en el apartado \u00abPublicaciones\u00bb, m\u00e1s abajo.\u00bb o bien <a href=\"https:\/\/www.lavanguardia.com\/vivo\/longevity\/20260207\/11458890\/hans-geilinger-64-anos-dar-vuelta-mundo-velero-50-note-dominaba-mi-vida-queria-volver-vivir-emociones.html?facet=app&didomiConfig.notice.enable=false\" target=\"_blank\" rel=\"noopener\">Web La Vanguardia<\/a><\/p>\n<p><strong>El Faradio \u00a0| \u00a0Entrevista con \u00c1drese G\u00f3mez \u00a0| 15.02.26<br \/>\n<\/strong>Encontrar\u00e1s la entrevista completa en PDF en el apartado \u00abPublicaciones\u00bb, m\u00e1s abajo.\u00bb o bien <a href=\"https:\/\/www.elfaradio.com\/2026\/01\/28\/hans-geilinger-el-estatus-de-viajero-me-gusta-el-viajero-nunca-quiere-llegar\/\" target=\"_blank\" rel=\"noopener\">Web El Faradio<\/a><\/p>\n<p><strong>Radio RNE Santander <\/strong><strong>\u00a0| \u00a0Programa Ex Libros | Entrevista con Borja Dominguez \u00a0| 15.02.26<br \/>\n<\/strong>Entrevista: <a href=\"https:\/\/www.rtve.es\/play\/audios\/cantabria-informativos\/\" target=\"_blank\" rel=\"noopener\">RTVE Play<\/a> (buscar 15.02.26)<\/p>\n<p><strong>Otra Forma <\/strong><strong>\u00a0| \u00a0Podcast con Xabi Sanch\u00e9z \u00a0| 15.02.26<br \/>\n<\/strong>Entrevista: <a href=\"https:\/\/youtu.be\/RsDc_fPO4UU?si=oM98suE4Lf9nwJup\" target=\"_blank\" rel=\"noopener\">Youtube\u00a0<\/a> \u00a0<a href=\"https:\/\/open.spotify.com\/episode\/3TamNCz4jiVI9utzxIhMJq?si=ae3ba728ef9241bc\" target=\"_blank\" rel=\"noopener\">Spotify<\/a><\/p>\n<p><strong>ABC \u00a0| suplemento de N\u00e1utica | Entrevista con Jaume Soler | 27.02.26<\/strong><br \/>\nEncontrar\u00e1s la entrevista completa en PDF en el apartado \u00abPublicaciones\u00bb, m\u00e1s abajo.\u00bb o bien aqui: <a href=\"https:\/\/www.abc.es\/deportes\/vela\/otros-derroteros\/hans-geilinger-tierra-confundimos-lujo-posesiones-mar-20260227100104-nt.html\" target=\"_blank\" rel=\"noopener\">ABC web<\/a><\/p>\n<\/div><div class=\"fusion-text fusion-text-5\" style=\"--awb-content-alignment:center;--awb-font-size:18px;--awb-line-height:1.5;--awb-text-color:#0f0f0f;--awb-text-font-family:&quot;Open Sans&quot;;--awb-text-font-style:normal;--awb-text-font-weight:400;\"><p>\u2026<\/p>\n<h5><strong>RESE\u00d1AS<\/strong><\/h5>\n<p><strong>FanFan | Alfredo Urdaci 26.09.25<\/strong><br \/>\n<a href=\"https:\/\/fanfan.es\/tuvalu-hans-geilinger-vuelta-al-mundo\/\" target=\"_blank\" rel=\"noopener\">Tuvalu, doce a\u00f1os a vela: Hans Geilinger y la vuelta al mundo desde un pa\u00eds sin mar<\/a><\/p>\n<p><strong>A son de Mar | Podcast 25.09.25<\/strong><br \/>\nEntrevista con Juan Melgar | Minuto 1h03: \u00a0 <a href=\"https:\/\/open.spotify.com\/episode\/1NQuqYgMesOXHghb1MhYph?si=40029c88b1fd487a\" target=\"_blank\" rel=\"noopener\">Podcast A son de Mar<\/a><\/p>\n<\/div><div class=\"fusion-text fusion-text-6\" style=\"--awb-content-alignment:center;--awb-font-size:18px;--awb-line-height:1.5;--awb-text-color:#0f0f0f;--awb-text-font-family:&quot;Open Sans&quot;;--awb-text-font-style:normal;--awb-text-font-weight:400;\"><p><strong>\u2026<\/strong><\/p>\n<p><strong>PUBLICACIONES<\/strong><br \/>\nAqu\u00ed encuentras todos los art\u00edculos publicados en los peri\u00f3dicos: <strong>La Vanguardia \u2013 El Peri\u00f3dico \u2013 The New Barcelona Post \u2013 El Faro de Vigo \u2013 El Imparcial \u2013 Diario de Mallorca \u2013 Diari de Girona \u2013 Men\u00b4s Healt \u2013 Integral \u2013 La Voz de Asturias \u2013 El Faradio \u2013 La Vanguardia Longevity \u2013 ABC<\/strong><\/p>\n<\/div><\/div><\/div><\/div><\/div><div class=\"fusion-fullwidth fullwidth-box fusion-builder-row-4 fusion-flex-container has-pattern-background has-mask-background hundred-percent-fullwidth non-hundred-percent-height-scrolling\" style=\"--awb-border-radius-top-left:0px;--awb-border-radius-top-right:0px;--awb-border-radius-bottom-right:0px;--awb-border-radius-bottom-left:0px;--awb-padding-top:4px;--awb-padding-right:10%;--awb-padding-bottom:28px;--awb-padding-left:10%;--awb-padding-right-medium:30px;--awb-padding-left-medium:30px;--awb-background-color:#ece4da;--awb-flex-wrap:wrap;\" ><div class=\"fusion-builder-row fusion-row fusion-flex-align-items-flex-start fusion-flex-content-wrap\" style=\"width:104% !important;max-width:104% !important;margin-left: calc(-4% \/ 2 );margin-right: calc(-4% \/ 2 );\"><div class=\"fusion-layout-column fusion_builder_column fusion-builder-column-8 fusion_builder_column_1_1 1_1 fusion-flex-column\" style=\"--awb-bg-size:cover;--awb-width-large:100%;--awb-margin-top-large:0px;--awb-spacing-right-large:1.92%;--awb-margin-bottom-large:0px;--awb-spacing-left-large:1.92%;--awb-width-medium:100%;--awb-order-medium:0;--awb-spacing-right-medium:1.92%;--awb-spacing-left-medium:1.92%;--awb-width-small:100%;--awb-order-small:0;--awb-spacing-right-small:1.92%;--awb-spacing-left-small:1.92%;\"><div class=\"fusion-column-wrapper fusion-column-has-shadow fusion-flex-justify-content-flex-start fusion-content-layout-column\"><div class=\"fusion-text fusion-text-7\"><a href=\"https:\/\/www.tuvalubarcelona.es\/wp-content\/uploads\/2026\/03\/prensa_10.02.26.pdf\" class=\"pdfemb-viewer\" style=\"\" data-width=\"max\" data-height=\"max\" data-toolbar=\"top\" data-toolbar-fixed=\"off\">prensa_10.02.26<\/a>\n<\/div><\/div><\/div><\/div><\/div><div class=\"fusion-fullwidth fullwidth-box fusion-builder-row-5 fusion-flex-container has-pattern-background has-mask-background nonhundred-percent-fullwidth non-hundred-percent-height-scrolling\" style=\"--awb-border-radius-top-left:0px;--awb-border-radius-top-right:0px;--awb-border-radius-bottom-right:0px;--awb-border-radius-bottom-left:0px;--awb-padding-top:40px;--awb-padding-bottom:0px;--awb-margin-top:0px;--awb-background-color:#ece4da;--awb-flex-wrap:wrap;\" ><div class=\"fusion-builder-row fusion-row fusion-flex-align-items-flex-start fusion-flex-justify-content-center fusion-flex-content-wrap\" style=\"max-width:1248px;margin-left: calc(-4% \/ 2 );margin-right: calc(-4% \/ 2 );\"><div class=\"fusion-layout-column fusion_builder_column fusion-builder-column-9 fusion_builder_column_1_1 1_1 fusion-flex-column\" style=\"--awb-padding-bottom:50px;--awb-bg-size:cover;--awb-width-large:100%;--awb-margin-top-large:0px;--awb-spacing-right-large:1.92%;--awb-margin-bottom-large:0px;--awb-spacing-left-large:1.92%;--awb-width-medium:100%;--awb-order-medium:0;--awb-spacing-right-medium:1.92%;--awb-spacing-left-medium:1.92%;--awb-width-small:100%;--awb-order-small:0;--awb-spacing-right-small:1.92%;--awb-spacing-left-small:1.92%;\"><div class=\"fusion-column-wrapper fusion-column-has-shadow fusion-flex-justify-content-flex-start fusion-content-layout-column\"><div class=\"fusion-text fusion-text-8\" style=\"--awb-content-alignment:center;--awb-font-size:18px;--awb-line-height:1.5;--awb-text-color:#2b2b2b;--awb-text-font-family:&quot;Open Sans&quot;;--awb-text-font-style:normal;--awb-text-font-weight:400;\"><p><strong>COMENTARIOS<\/strong><br \/>\n\u00abUna obra para escapar de la rutina y vivir una aut\u00e9ntica aventura alrededor del mundo\u00bb.<br \/>\n\u2014David Ruiz, navegante, director creativo y autor de Irse.<\/p>\n<p>\u00abLa prosa de Geilinger se distingue por su sobriedad y precisi\u00f3n, cualidades que permiten al relato ir m\u00e1s all\u00e1 la cr\u00f3nica marinera pura y dura. El libro incorpora un discurso cada vez m\u00e1s necesario sobre la fragilidad de los territorios insulares frente al cambio clim\u00e1tico. La cuidadosa edici\u00f3n de Elba refuerza ese enfoque, convirtiendo Tuvalu en una obra de referencia tanto para navegantes como para lectores interesados en la cultura oce\u00e1nica y en la urgencia medioambiental que se cierne sobre el Pac\u00edfico\u00bb.<br \/>\n\u2014Revista Forbes, \u00abLibro de la semana | Tuvalu (Editorial Elba), de Hans Geilinger\u00bb, 17.09.25<\/p>\n<p>\u00bbEl relato de Geilinger nos mete en el mar. Tiene humor, maneja la iron\u00eda, y demuestra una efervescente capacidad de re\u00edrse de s\u00ed mismo, de sus torpezas, de su capacidad para tomar, en algunos casos, la decisi\u00f3n menos acertada.\u00ab<br \/>\n\u2014 Revista Fan Fan , Alfredo Urdaci<\/p>\n<p>\u00bbTuvalu nos lleva en un viaje de 12 a\u00f1os alrededor del mundo en un velero de 12 metros junto con el patr\u00f3n y autor Hans Geilinger y su esposa Imma. Atravesamos el Atl\u00e1ntico, el Caribe, el Pac\u00edfico, el \u00cdndico, el Mar Rojo y volvemos al Mediterr\u00e1neo. Como compa\u00f1eros de viaje literarios, visitamos islas remotas con gentes y culturas ex\u00f3ticas de las que apenas hemos o\u00eddo hablar, entablamos amistad con habitantes del Caribe, los mares del Sur e Indonesia, sobrevivimos a aver\u00edas y tormentas, encallamos en bancos de arena y arrecifes de coral y nos enfrentamos a la amenaza de ser abordados. Es una lectura sumamente cautivadora, a menudo divertida, con un estilo narrativo \u00e1gil y emp\u00e1tico. Pero Tuvalu es algo m\u00e1s que un apasionante libro de aventuras. Los comentarios sutiles, cr\u00edticos e ir\u00f3nicas sobre la naturaleza, las civilizaciones, la condici\u00f3n humana y el sentido de viajar nos llevan tambi\u00e9n a un viaje de reflexiones alrededor del mundo. Y al final, siempre conducen al narrador -y al lector que viaja con \u00e9l- de vuelta a s\u00ed mismo.\u00ab<br \/>\n\u2014 Karl Gustav Ruch, Escritor, Barcelona<\/p>\n<p>No es solo un libro de aventuras y un diario de bit\u00e1cora. Es muy intimista y fresco, siendo capaz de relatar lo que, en cada situaci\u00f3n, le pasa por la cabeza. Me gusta mucho el tipo de situaciones narradas y<span class=\"Apple-converted-space\">\u00a0 <\/span>que, en buena medida, no tienen porqu\u00e9 ser solo las m\u00e1s trepidantes o peligrosas. Y<span class=\"Apple-converted-space\">\u00a0 <\/span>la normalidad y sencillez con la que describe la relaci\u00f3n con los locales de cada sitio donde recalan. Bueno, y lo mas bonito, es el amor, cari\u00f1o e ilusi\u00f3n que siente y expresa hacia Imma , es alucinante , no puede esconder lo enamorado que est\u00e1. Y como transmite todo su amor paternal claramente<span class=\"Apple-converted-space\">\u00a0 <\/span>hacia Alba !!!. Una preciosidad<br \/>\n\u2014 Carlos Veganzones, Madrid<\/p>\n<p>Hola Hans, quiero decirte que tu libro me ha encantado, por tu forma de escribir y de describir tus aventuras y emociones vividas. En fin, un gran libro.<br \/>\n\u2014 Olga Tomas, Sant Boi de Llobregat<\/p>\n<\/div><\/div><\/div><\/div><\/div><div class=\"fusion-fullwidth fullwidth-box fusion-builder-row-6 fusion-flex-container has-pattern-background has-mask-background hundred-percent-fullwidth non-hundred-percent-height-scrolling\" style=\"--awb-border-radius-top-left:0px;--awb-border-radius-top-right:0px;--awb-border-radius-bottom-right:0px;--awb-border-radius-bottom-left:0px;--awb-padding-top:0px;--awb-padding-right:0px;--awb-padding-bottom:0px;--awb-padding-left:0px;--awb-margin-top:0px;--awb-background-color:#ece4da;--awb-flex-wrap:wrap;\" ><div class=\"fusion-builder-row fusion-row fusion-flex-align-items-flex-start fusion-flex-justify-content-center fusion-flex-content-wrap\" style=\"width:104% !important;max-width:104% !important;margin-left: calc(-4% \/ 2 );margin-right: calc(-4% \/ 2 );\"><div class=\"fusion-layout-column fusion_builder_column fusion-builder-column-10 fusion_builder_column_1_1 1_1 fusion-flex-column\" style=\"--awb-bg-size:cover;--awb-width-large:100%;--awb-margin-top-large:0px;--awb-spacing-right-large:1.92%;--awb-margin-bottom-large:0px;--awb-spacing-left-large:1.92%;--awb-width-medium:100%;--awb-order-medium:0;--awb-spacing-right-medium:1.92%;--awb-spacing-left-medium:1.92%;--awb-width-small:100%;--awb-order-small:0;--awb-spacing-right-small:1.92%;--awb-spacing-left-small:1.92%;\"><div class=\"fusion-column-wrapper fusion-column-has-shadow fusion-flex-justify-content-flex-start fusion-content-layout-column\"><div class=\"fusion-image-element \" style=\"--awb-caption-title-font-family:var(--h2_typography-font-family);--awb-caption-title-font-weight:var(--h2_typography-font-weight);--awb-caption-title-font-style:var(--h2_typography-font-style);--awb-caption-title-size:var(--h2_typography-font-size);--awb-caption-title-transform:var(--h2_typography-text-transform);--awb-caption-title-line-height:var(--h2_typography-line-height);--awb-caption-title-letter-spacing:var(--h2_typography-letter-spacing);\"><span class=\" fusion-imageframe imageframe-none imageframe-2 hover-type-none\"><img decoding=\"async\" width=\"2200\" height=\"1467\" title=\"Tuvalu_Interior_zoom\" src=\"https:\/\/www.tuvalubarcelona.es\/wp-content\/uploads\/2025\/09\/Tuvalu_Interior_zoom.jpg\" alt class=\"img-responsive wp-image-18105\" srcset=\"https:\/\/www.tuvalubarcelona.es\/wp-content\/uploads\/2025\/09\/Tuvalu_Interior_zoom-200x133.jpg 200w, https:\/\/www.tuvalubarcelona.es\/wp-content\/uploads\/2025\/09\/Tuvalu_Interior_zoom-400x267.jpg 400w, https:\/\/www.tuvalubarcelona.es\/wp-content\/uploads\/2025\/09\/Tuvalu_Interior_zoom-600x400.jpg 600w, https:\/\/www.tuvalubarcelona.es\/wp-content\/uploads\/2025\/09\/Tuvalu_Interior_zoom-800x533.jpg 800w, https:\/\/www.tuvalubarcelona.es\/wp-content\/uploads\/2025\/09\/Tuvalu_Interior_zoom-1200x800.jpg 1200w, https:\/\/www.tuvalubarcelona.es\/wp-content\/uploads\/2025\/09\/Tuvalu_Interior_zoom.jpg 2200w\" sizes=\"(max-width: 640px) 100vw, 1200px\" \/><\/span><\/div><\/div><\/div><\/div><\/div><\/p>\n","protected":false},"excerpt":{"rendered":"","protected":false},"author":1,"featured_media":0,"parent":0,"menu_order":0,"comment_status":"closed","ping_status":"closed","template":"100-width.php","meta":{"footnotes":""},"class_list":["post-18127","page","type-page","status-publish","hentry"],"yoast_head":"<!-- This site is optimized with the Yoast SEO plugin v25.8 - https:\/\/yoast.com\/wordpress\/plugins\/seo\/ -->\r\n<title>Book - TUVALU<\/title>\r\n<meta name=\"robots\" content=\"index, follow, max-snippet:-1, max-image-preview:large, max-video-preview:-1\" \/>\r\n<link rel=\"canonical\" href=\"https:\/\/www.tuvalubarcelona.es\/de\/book\/\" \/>\r\n<meta property=\"og:locale\" content=\"de_DE\" \/>\r\n<meta property=\"og:type\" content=\"article\" \/>\r\n<meta property=\"og:title\" content=\"Book - TUVALU\" \/>\r\n<meta property=\"og:url\" content=\"https:\/\/www.tuvalubarcelona.es\/de\/book\/\" \/>\r\n<meta property=\"og:site_name\" content=\"TUVALU\" \/>\r\n<meta property=\"article:publisher\" content=\"https:\/\/www.facebook.com\/tuvalu.barcelona\" \/>\r\n<meta property=\"article:modified_time\" content=\"2026-03-10T11:28:53+00:00\" \/>\r\n<meta name=\"twitter:card\" content=\"summary_large_image\" \/>\r\n<meta name=\"twitter:site\" content=\"@tuvalubarcelona\" \/>\r\n<meta name=\"twitter:label1\" content=\"Gesch\u00e4tzte Lesezeit\" \/>\n\t<meta name=\"twitter:data1\" content=\"11\u00a0Minuten\" \/>\r\n<script type=\"application\/ld+json\" class=\"yoast-schema-graph\">{\"@context\":\"https:\/\/schema.org\",\"@graph\":[{\"@type\":\"WebPage\",\"@id\":\"https:\/\/www.tuvalubarcelona.es\/de\/book\/\",\"url\":\"https:\/\/www.tuvalubarcelona.es\/de\/book\/\",\"name\":\"Book - TUVALU\",\"isPartOf\":{\"@id\":\"https:\/\/www.tuvalubarcelona.es\/#website\"},\"datePublished\":\"2025-09-04T21:19:26+00:00\",\"dateModified\":\"2026-03-10T11:28:53+00:00\",\"breadcrumb\":{\"@id\":\"https:\/\/www.tuvalubarcelona.es\/de\/book\/#breadcrumb\"},\"inLanguage\":\"de\",\"potentialAction\":[{\"@type\":\"ReadAction\",\"target\":[\"https:\/\/www.tuvalubarcelona.es\/de\/book\/\"]}]},{\"@type\":\"BreadcrumbList\",\"@id\":\"https:\/\/www.tuvalubarcelona.es\/de\/book\/#breadcrumb\",\"itemListElement\":[{\"@type\":\"ListItem\",\"position\":1,\"name\":\"Portada\",\"item\":\"https:\/\/www.tuvalubarcelona.es\/de\/\"},{\"@type\":\"ListItem\",\"position\":2,\"name\":\"Book\"}]},{\"@type\":\"WebSite\",\"@id\":\"https:\/\/www.tuvalubarcelona.es\/#website\",\"url\":\"https:\/\/www.tuvalubarcelona.es\/\",\"name\":\"TUVALU\",\"description\":\"Sailing Yacht Barcelona\",\"potentialAction\":[{\"@type\":\"SearchAction\",\"target\":{\"@type\":\"EntryPoint\",\"urlTemplate\":\"https:\/\/www.tuvalubarcelona.es\/?s={search_term_string}\"},\"query-input\":{\"@type\":\"PropertyValueSpecification\",\"valueRequired\":true,\"valueName\":\"search_term_string\"}}],\"inLanguage\":\"de\"}]}<\/script>\r\n<!-- \/ Yoast SEO plugin. -->","yoast_head_json":{"title":"Book - TUVALU","robots":{"index":"index","follow":"follow","max-snippet":"max-snippet:-1","max-image-preview":"max-image-preview:large","max-video-preview":"max-video-preview:-1"},"canonical":"https:\/\/www.tuvalubarcelona.es\/de\/book\/","og_locale":"de_DE","og_type":"article","og_title":"Book - TUVALU","og_url":"https:\/\/www.tuvalubarcelona.es\/de\/book\/","og_site_name":"TUVALU","article_publisher":"https:\/\/www.facebook.com\/tuvalu.barcelona","article_modified_time":"2026-03-10T11:28:53+00:00","twitter_card":"summary_large_image","twitter_site":"@tuvalubarcelona","twitter_misc":{"Gesch\u00e4tzte Lesezeit":"11\u00a0Minuten"},"schema":{"@context":"https:\/\/schema.org","@graph":[{"@type":"WebPage","@id":"https:\/\/www.tuvalubarcelona.es\/de\/book\/","url":"https:\/\/www.tuvalubarcelona.es\/de\/book\/","name":"Book - TUVALU","isPartOf":{"@id":"https:\/\/www.tuvalubarcelona.es\/#website"},"datePublished":"2025-09-04T21:19:26+00:00","dateModified":"2026-03-10T11:28:53+00:00","breadcrumb":{"@id":"https:\/\/www.tuvalubarcelona.es\/de\/book\/#breadcrumb"},"inLanguage":"de","potentialAction":[{"@type":"ReadAction","target":["https:\/\/www.tuvalubarcelona.es\/de\/book\/"]}]},{"@type":"BreadcrumbList","@id":"https:\/\/www.tuvalubarcelona.es\/de\/book\/#breadcrumb","itemListElement":[{"@type":"ListItem","position":1,"name":"Portada","item":"https:\/\/www.tuvalubarcelona.es\/de\/"},{"@type":"ListItem","position":2,"name":"Book"}]},{"@type":"WebSite","@id":"https:\/\/www.tuvalubarcelona.es\/#website","url":"https:\/\/www.tuvalubarcelona.es\/","name":"TUVALU","description":"Sailing Yacht Barcelona","potentialAction":[{"@type":"SearchAction","target":{"@type":"EntryPoint","urlTemplate":"https:\/\/www.tuvalubarcelona.es\/?s={search_term_string}"},"query-input":{"@type":"PropertyValueSpecification","valueRequired":true,"valueName":"search_term_string"}}],"inLanguage":"de"}]}},"_links":{"self":[{"href":"https:\/\/www.tuvalubarcelona.es\/de\/wp-json\/wp\/v2\/pages\/18127","targetHints":{"allow":["GET"]}}],"collection":[{"href":"https:\/\/www.tuvalubarcelona.es\/de\/wp-json\/wp\/v2\/pages"}],"about":[{"href":"https:\/\/www.tuvalubarcelona.es\/de\/wp-json\/wp\/v2\/types\/page"}],"author":[{"embeddable":true,"href":"https:\/\/www.tuvalubarcelona.es\/de\/wp-json\/wp\/v2\/users\/1"}],"replies":[{"embeddable":true,"href":"https:\/\/www.tuvalubarcelona.es\/de\/wp-json\/wp\/v2\/comments?post=18127"}],"version-history":[{"count":103,"href":"https:\/\/www.tuvalubarcelona.es\/de\/wp-json\/wp\/v2\/pages\/18127\/revisions"}],"predecessor-version":[{"id":18493,"href":"https:\/\/www.tuvalubarcelona.es\/de\/wp-json\/wp\/v2\/pages\/18127\/revisions\/18493"}],"wp:attachment":[{"href":"https:\/\/www.tuvalubarcelona.es\/de\/wp-json\/wp\/v2\/media?parent=18127"}],"curies":[{"name":"wp","href":"https:\/\/api.w.org\/{rel}","templated":true}]}}